{"id":2,"date":"2014-09-09T10:23:56","date_gmt":"2014-09-09T08:23:56","guid":{"rendered":"http:\/\/www.gunillajaehnichen.de\/wordpress\/?page_id=2"},"modified":"2026-08-30T00:13:59","modified_gmt":"2026-08-29T22:13:59","slug":"beispiel-seite","status":"publish","type":"page","link":"https:\/\/www.gunillajaehnichen.de\/","title":{"rendered":"Aktuell"},"content":{"rendered":"\n<h2 class=\"wp-block-heading\">High Tide &#8211; Low Flux<\/h2>\n\n\n\n<p class=\"wp-block-paragraph\">Gemeinsam kuratiert von Nora S\u00f6der (Galleri Thomassen) und Dafne Leidi (Allm\u00e4nna Konsthall): \u201eHIGH TIDE LOW FLUX\u201c, eine zweiteilige Sommerausstellung. Er\u00f6ffnungstermine: *22. Juni \u2013 26. Juli \u2014 Gerlesborg Konsthall (Nord-Bohusl\u00e4n) *20. August \u2013 6. September \u2014 Galleri Thomassen (G\u00f6teborg)<\/p>\n\n\n\n<p class=\"wp-block-paragraph\"><em>Curated together by Nora S\u00f6der (Galleri Thomassen) &amp; Dafne Leidi (Allm\u00e4nna Konsthall) HIGH TIDE LOW FLUX, a two-part summer exhibition opening: *June 22 \u2013 26 July \u2014 Gerlesborg Konsthall (Northern Bohusl\u00e4n) *August 20 \u2013 6 Sept \u2014 Galleri Thomassen (Gothenburg)<\/em><\/p>\n\n\n\n<figure class=\"wp-block-gallery has-nested-images columns-default is-cropped wp-block-gallery-1 is-layout-flex wp-block-gallery-is-layout-flex\">\n<figure class=\"wp-block-image size-large\"><img loading=\"lazy\" decoding=\"async\" width=\"216\" height=\"300\" data-id=\"3958\" src=\"https:\/\/www.gunillajaehnichen.de\/wp-content\/uploads\/Bildschirmfoto-2026-04-28-um-14.15.15-216x300.png\" alt=\"\" class=\"wp-image-3958\" srcset=\"https:\/\/www.gunillajaehnichen.de\/wp-content\/uploads\/Bildschirmfoto-2026-04-28-um-14.15.15-216x300.png 216w, https:\/\/www.gunillajaehnichen.de\/wp-content\/uploads\/Bildschirmfoto-2026-04-28-um-14.15.15-144x200.png 144w, https:\/\/www.gunillajaehnichen.de\/wp-content\/uploads\/Bildschirmfoto-2026-04-28-um-14.15.15-768x1066.png 768w, https:\/\/www.gunillajaehnichen.de\/wp-content\/uploads\/Bildschirmfoto-2026-04-28-um-14.15.15.png 1026w\" sizes=\"auto, (max-width: 216px) 100vw, 216px\" \/><\/figure>\n\n\n\n<figure class=\"wp-block-image size-large\"><img loading=\"lazy\" decoding=\"async\" width=\"221\" height=\"300\" data-id=\"3945\" src=\"https:\/\/www.gunillajaehnichen.de\/wp-content\/uploads\/Bildschirmfoto-2026-04-28-um-14.15.00-221x300.png\" alt=\"\" class=\"wp-image-3945\" srcset=\"https:\/\/www.gunillajaehnichen.de\/wp-content\/uploads\/Bildschirmfoto-2026-04-28-um-14.15.00-221x300.png 221w, https:\/\/www.gunillajaehnichen.de\/wp-content\/uploads\/Bildschirmfoto-2026-04-28-um-14.15.00-147x200.png 147w, https:\/\/www.gunillajaehnichen.de\/wp-content\/uploads\/Bildschirmfoto-2026-04-28-um-14.15.00-768x1044.png 768w, https:\/\/www.gunillajaehnichen.de\/wp-content\/uploads\/Bildschirmfoto-2026-04-28-um-14.15.00.png 1048w\" sizes=\"auto, (max-width: 221px) 100vw, 221px\" \/><\/figure>\n<\/figure>\n\n\n\n<p class=\"wp-block-paragraph\"><\/p>\n\n\n\n<p class=\"wp-block-paragraph\">Mit\/<em>with<\/em>: Anna Lindstr\u00f6m, Anneli Pihlgren, Cecilia Ulfsdotter, cHAgnY (Dagny and Charlie Hay), Christopher Long, Daniel Diamant, Emilia Sundqvist, Evelina Bj\u00f6rnqvist, Gunilla J\u00e4hnichen, Hanna Antonsson, Irene Westholm, Isa Andersson, Isa Eriksson, Isak Nygren, Jesper Lindgren, Joel Danielsson, John Dexter Zetterqvist, Jukka Korkeila, Kajsa Finn, Kinga Molinska, Klara Str\u00f6m, Leslie Johnson, Linnea Romeling, Lotta Antonsson, Lotta Grimborg, Madeleine Ols\u00e9n Ingefeldt, Mira Sj\u00f6vall, Mollie Douthit, Patrik Bengtsson, Peetu L, Rickard Eklund, Ruben Risholm, Sara M\u00f6ller, Sofia Tillman, ZIYI YAN, Alma Persson, Maria Antchougova, and Selma Linde<\/p>\n\n\n\n<div style=\"height:100px\" aria-hidden=\"true\" class=\"wp-block-spacer\"><\/div>\n\n\n\n<h2 class=\"wp-block-heading\">Varning f\u00f6r konsten! Grafiska S\u00e4llskapet Stockholm &#8211; Eine Mitgliederausstellung\/<em>En medlemsutst\u00e4llning<\/em> 15\/8 \u2013 2\/9 2026<\/h2>\n\n\n\n<figure class=\"wp-block-image size-full\"><img loading=\"lazy\" decoding=\"async\" width=\"1536\" height=\"2040\" src=\"https:\/\/www.gunillajaehnichen.de\/wp-content\/uploads\/806747ab-3931-4fd2-8d2d-54524084ae2e.jpg\" alt=\"\" class=\"wp-image-3981\" srcset=\"https:\/\/www.gunillajaehnichen.de\/wp-content\/uploads\/806747ab-3931-4fd2-8d2d-54524084ae2e.jpg 1536w, https:\/\/www.gunillajaehnichen.de\/wp-content\/uploads\/806747ab-3931-4fd2-8d2d-54524084ae2e-226x300.jpg 226w, https:\/\/www.gunillajaehnichen.de\/wp-content\/uploads\/806747ab-3931-4fd2-8d2d-54524084ae2e-151x200.jpg 151w, https:\/\/www.gunillajaehnichen.de\/wp-content\/uploads\/806747ab-3931-4fd2-8d2d-54524084ae2e-768x1020.jpg 768w, https:\/\/www.gunillajaehnichen.de\/wp-content\/uploads\/806747ab-3931-4fd2-8d2d-54524084ae2e-1157x1536.jpg 1157w\" sizes=\"auto, (max-width: 1536px) 100vw, 1536px\" \/><\/figure>\n\n\n\n<p class=\"wp-block-paragraph\"><\/p>\n\n\n\n<p class=\"wp-block-paragraph\">\u201eWarnung vor der Kunst\u201c ist eine gesellschaftlich engagierte Ausstellung, in der die Werke der Mitglieder des Grafiska S\u00e4llskapet die Wahl vom 13. September kommentieren und als Ausgangspunkt nehmen. Hier begegnen wir Bildern, die sich auf unterschiedliche Weise mit unserer Gegenwart, dem Menschen, der Natur, dem Wohnen, dem Konsum und den Demonstrationen auseinandersetzen. Doch es geht nicht nur darum, das bereits Vorhandene zu kommentieren. Die Ausstellung wirft auch Fragen dar\u00fcber auf, welchen Raum die Fantasie in der Gesellschaft einnimmt. Inmitten einer Realit\u00e4t, die oft klare Stellungnahmen erfordert, wird die Kunst zu einer M\u00f6glichkeit, frei zu denken \u2013 und sich vorzustellen, dass die Welt auch anders aussehen k\u00f6nnte.<\/p>\n\n\n\n<p class=\"wp-block-paragraph\"><em>Varning f\u00f6r konsten \u00e4r en samh\u00e4llsengagerad utst\u00e4llning d\u00e4r Grafiska S\u00e4llskapets medlemmars verk kommenterar och tar avstamp i valet den 13 september. H\u00e4r m\u00f6ter vi bilder som p\u00e5 olika s\u00e4tt f\u00f6rh\u00e5ller sig till v\u00e5r samtid, till m\u00e4nniskan, naturen, bostaden, konsumtionen och demonstrationerna. Men det handlar inte bara om att kommentera det som redan finns. Utst\u00e4llningen v\u00e4cker ocks\u00e5 fr\u00e5gor om vilket utrymme fantasin ges i samh\u00e4llet. Mitt i en verklighet som ofta kr\u00e4ver st\u00e4llningstaganden blir konsten ett s\u00e4tt att t\u00e4nka fritt \u2013 och att f\u00f6rest\u00e4lla sig att v\u00e4rlden skulle kunna se annorlunda ut.<\/em><\/p>\n\n\n\n<h2 class=\"wp-block-heading\">upcoming<\/h2>\n\n\n\n<h1 class=\"wp-block-heading\">Malum. Veritas.&nbsp;<\/h1>\n\n\n\n<p class=\"wp-block-paragraph\">Galerie H\u00fcbner &amp; H\u00fcbner<\/p>\n\n\n\n<p class=\"wp-block-paragraph\">28.08.2026 \u2013 02.10.2026&nbsp;<br><\/p>\n\n\n\n<figure class=\"wp-block-image size-thumbnail\"><img loading=\"lazy\" decoding=\"async\" width=\"181\" height=\"200\" src=\"https:\/\/www.gunillajaehnichen.de\/wp-content\/uploads\/Bildschirmfoto-2026-08-21-um-19.48.32-181x200.png\" alt=\"\" class=\"wp-image-3983\" srcset=\"https:\/\/www.gunillajaehnichen.de\/wp-content\/uploads\/Bildschirmfoto-2026-08-21-um-19.48.32-181x200.png 181w, https:\/\/www.gunillajaehnichen.de\/wp-content\/uploads\/Bildschirmfoto-2026-08-21-um-19.48.32-271x300.png 271w, https:\/\/www.gunillajaehnichen.de\/wp-content\/uploads\/Bildschirmfoto-2026-08-21-um-19.48.32.png 746w\" sizes=\"auto, (max-width: 181px) 100vw, 181px\" \/><\/figure>\n\n\n\n<p class=\"wp-block-paragraph\"><\/p>\n\n\n\n<p class=\"wp-block-paragraph\"><strong>Mit Arbeiten von:&nbsp;<\/strong>Claudia Bartholom\u00e4us \u00b7 Mechtild B\u00f6ger \u00b7 Johannes Hepp \u00b7 Ida H\u00fcbner \u00b7 Franziska H\u00fcnig \u00b7 Gunilla J\u00e4hnichen \u00b7 Katja J\u00fcttemann \u00b7 Leander Lambertus \u00b7 Patricia Lambertus \u00b7 Pia E. van Nuland \u00b7 Heidi Riehl \u00b7 Barbara Rosengarth \u00b7 Isabella Sedeka \u00b7 Margund Smolka<\/p>\n\n\n\n<p class=\"wp-block-paragraph\">Dauer: 28.08.\u201302.10.2026<\/p>\n\n\n\n<p class=\"wp-block-paragraph\"><strong>Galerie H\u00fcbner &amp; H\u00fcbner<\/strong><br>Gr\u00fcneburgweg 71&nbsp;<\/p>\n\n\n\n<p class=\"wp-block-paragraph\">60323 Frankfurt am Main<\/p>\n\n\n\n<div style=\"height:100px\" aria-hidden=\"true\" class=\"wp-block-spacer\"><\/div>\n\n\n\n<h3 class=\"wp-block-heading\">erh\u00e4ltliche Editionen &#8211; <a href=\"https:\/\/artflash.de\/gunilla-jahnichen-pink\">artflash.de<\/a><\/h3>\n\n\n\n<figure class=\"wp-block-gallery has-nested-images columns-default is-cropped wp-block-gallery-2 is-layout-flex wp-block-gallery-is-layout-flex\">\n<figure class=\"wp-block-image size-full\"><img loading=\"lazy\" decoding=\"async\" width=\"2560\" height=\"1600\" data-id=\"3106\" src=\"https:\/\/www.gunillajaehnichen.de\/wp-content\/uploads\/Jaehnichen_Gunilla_aufmnewsl_M1_rot-scaled.jpg\" alt=\"\" class=\"wp-image-3106\" srcset=\"https:\/\/www.gunillajaehnichen.de\/wp-content\/uploads\/Jaehnichen_Gunilla_aufmnewsl_M1_rot-scaled.jpg 2560w, https:\/\/www.gunillajaehnichen.de\/wp-content\/uploads\/Jaehnichen_Gunilla_aufmnewsl_M1_rot-300x188.jpg 300w, https:\/\/www.gunillajaehnichen.de\/wp-content\/uploads\/Jaehnichen_Gunilla_aufmnewsl_M1_rot-200x125.jpg 200w, https:\/\/www.gunillajaehnichen.de\/wp-content\/uploads\/Jaehnichen_Gunilla_aufmnewsl_M1_rot-768x480.jpg 768w, https:\/\/www.gunillajaehnichen.de\/wp-content\/uploads\/Jaehnichen_Gunilla_aufmnewsl_M1_rot-1536x960.jpg 1536w, https:\/\/www.gunillajaehnichen.de\/wp-content\/uploads\/Jaehnichen_Gunilla_aufmnewsl_M1_rot-2048x1280.jpg 2048w\" sizes=\"auto, (max-width: 2560px) 100vw, 2560px\" \/><\/figure>\n\n\n\n<figure class=\"wp-block-image size-large\"><img loading=\"lazy\" decoding=\"async\" width=\"300\" height=\"188\" data-id=\"2976\" src=\"https:\/\/www.gunillajaehnichen.de\/wp-content\/uploads\/Jaehnichen_Gunilla_aufmnewsl_M2-300x188.jpg\" alt=\"\" class=\"wp-image-2976\" srcset=\"https:\/\/www.gunillajaehnichen.de\/wp-content\/uploads\/Jaehnichen_Gunilla_aufmnewsl_M2-300x188.jpg 300w, https:\/\/www.gunillajaehnichen.de\/wp-content\/uploads\/Jaehnichen_Gunilla_aufmnewsl_M2-200x125.jpg 200w, https:\/\/www.gunillajaehnichen.de\/wp-content\/uploads\/Jaehnichen_Gunilla_aufmnewsl_M2-768x480.jpg 768w, https:\/\/www.gunillajaehnichen.de\/wp-content\/uploads\/Jaehnichen_Gunilla_aufmnewsl_M2-1536x960.jpg 1536w, https:\/\/www.gunillajaehnichen.de\/wp-content\/uploads\/Jaehnichen_Gunilla_aufmnewsl_M2-2048x1280.jpg 2048w\" sizes=\"auto, (max-width: 300px) 100vw, 300px\" \/><\/figure>\n<\/figure>\n\n\n\n<p class=\"wp-block-paragraph\"><\/p>\n\n\n\n<p class=\"wp-block-paragraph\">Lithografie und Acrylspray auf Papier, Ma\u00dfe50 x 38 cm,<br>Auflage 20 + 5 E.A., jedes Blatt ist unikat\u00e4r bearbeitet mit Acrylspray<\/p>\n\n\n\n<p class=\"wp-block-paragraph\">Handgefertigter schwarz gebeizter und gewachster Ahorn-Holzrahmen, Au\u00dfenma\u00dfe ca. 55,2 x 43,0 cm, inkl. 10mm Distanzleiste, das Werk ist hochgestellt montiert, mit Normalglas sowie r\u00fcckseitiger Aufh\u00e4ngung (Auf Wunsch auch mit Museumsglas)<\/p>\n\n\n\n<div style=\"height:100px\" aria-hidden=\"true\" class=\"wp-block-spacer\"><\/div>\n\n\n\n<p class=\"has-medium-font-size wp-block-paragraph\"><strong>ARTIST STATEMENT<\/strong><\/p>\n\n\n\n<div class=\"wp-block-media-text has-media-on-the-right is-stacked-on-mobile is-vertically-aligned-top\"><div class=\"wp-block-media-text__content\">\n<p class=\"has-small-font-size wp-block-paragraph\">Ich besch\u00e4ftige mich in meiner figurativen malerischen Arbeit mit Emotionen, die sich in Mimik und Gestik zeigen. Ich spiele mit naiv vereinfachten Darstellungen, um auf verf\u00fchrerische Weise einen Zugang zur Komplexit\u00e4t zu schaffen.&nbsp;Aus mehrschichtigen, oft leuchtend transparenten Farbfl\u00e4chen, Linien und Verl\u00e4ufen forme ich meine Figuren und Wesen, die zwischen Figuration und Abstraktion changieren. Als Syn\u00e4sthetikerin&nbsp;haben Farben f\u00fcr mich ein Eigenleben. Ihre Qualit\u00e4ten sowie unterschiedliche Methoden des Auftragens nutze ich spielerisch im Sinne des Animismus. Linien und Fl\u00e4chen entwickeln so ein Eigenleben. Im Zusammenspiel entsteht f\u00fcr die Betrachtenden eine beseelte Figur. Es geht mir darum, emotionale Zust\u00e4nde und die Komplexit\u00e4t von Beziehungen auf einer intuitiven Ebene zu vermitteln.<\/p>\n\n\n\n<p class=\"wp-block-paragraph\"><\/p>\n\n\n\n<p class=\"has-small-font-size wp-block-paragraph\"><br><\/p>\n<\/div><figure class=\"wp-block-media-text__media\"><img loading=\"lazy\" decoding=\"async\" width=\"210\" height=\"300\" src=\"https:\/\/www.gunillajaehnichen.de\/wp-content\/uploads\/Gunilla_70x100-2-210x300.jpg\" alt=\"\" class=\"wp-image-2528 size-full\" srcset=\"https:\/\/www.gunillajaehnichen.de\/wp-content\/uploads\/Gunilla_70x100-2-210x300.jpg 210w, https:\/\/www.gunillajaehnichen.de\/wp-content\/uploads\/Gunilla_70x100-2-140x200.jpg 140w, https:\/\/www.gunillajaehnichen.de\/wp-content\/uploads\/Gunilla_70x100-2-768x1097.jpg 768w, https:\/\/www.gunillajaehnichen.de\/wp-content\/uploads\/Gunilla_70x100-2-1075x1536.jpg 1075w, https:\/\/www.gunillajaehnichen.de\/wp-content\/uploads\/Gunilla_70x100-2-1434x2048.jpg 1434w, https:\/\/www.gunillajaehnichen.de\/wp-content\/uploads\/Gunilla_70x100-2-scaled.jpg 1792w\" sizes=\"auto, (max-width: 210px) 100vw, 210px\" \/><\/figure><\/div>\n\n\n\n<div class=\"wp-block-group\"><div class=\"wp-block-group__inner-container is-layout-constrained wp-block-group-is-layout-constrained\">\n<h4 class=\"wp-block-heading\">+++ <strong>SAVE THE DATE<\/strong> &#8211; upcoming Exhibition 13. Januar 2027 &#8211; Artothek K\u00f6ln +++<\/h4>\n\n\n\n<figure class=\"wp-block-image size-full\"><img loading=\"lazy\" decoding=\"async\" width=\"1846\" height=\"2560\" src=\"https:\/\/www.gunillajaehnichen.de\/wp-content\/uploads\/IMG_5967-scaled.jpg\" alt=\"\" class=\"wp-image-3990\" srcset=\"https:\/\/www.gunillajaehnichen.de\/wp-content\/uploads\/IMG_5967-scaled.jpg 1846w, https:\/\/www.gunillajaehnichen.de\/wp-content\/uploads\/IMG_5967-216x300.jpg 216w, https:\/\/www.gunillajaehnichen.de\/wp-content\/uploads\/IMG_5967-144x200.jpg 144w, https:\/\/www.gunillajaehnichen.de\/wp-content\/uploads\/IMG_5967-768x1065.jpg 768w, https:\/\/www.gunillajaehnichen.de\/wp-content\/uploads\/IMG_5967-1107x1536.jpg 1107w, https:\/\/www.gunillajaehnichen.de\/wp-content\/uploads\/IMG_5967-1477x2048.jpg 1477w\" sizes=\"auto, (max-width: 1846px) 100vw, 1846px\" \/><\/figure>\n<\/div><\/div>\n\n\n\n<div class=\"wp-block-buttons is-layout-flex wp-block-buttons-is-layout-flex\">\n<div class=\"wp-block-button\"><a class=\"wp-block-button__link wp-element-button\" href=\"https:\/\/www.gunillajaehnichen.de\/?page_id=112\">Kontakt\/Newsletter<\/a><\/div>\n<\/div>\n","protected":false},"excerpt":{"rendered":"<p>High Tide &#8211; Low Flux Gemeinsam kuratiert von Nora S\u00f6der (Galleri Thomassen) und Dafne Leidi (Allm\u00e4nna Konsthall): \u201eHIGH TIDE LOW FLUX\u201c, eine zweiteilige Sommerausstellung. Er\u00f6ffnungstermine: *22. Juni \u2013 26. Juli \u2014 Gerlesborg Konsthall (Nord-Bohusl\u00e4n) *20. August \u2013 6. September \u2014 Galleri Thomassen (G\u00f6teborg) Curated together by Nora S\u00f6der (Galleri Thomassen) &amp; Dafne Leidi (Allm\u00e4nna Konsthall) &hellip; <a href=\"https:\/\/www.gunillajaehnichen.de\/\" class=\"more-link\"><span class=\"screen-reader-text\">Aktuell<\/span> weiterlesen<\/a><\/p>\n","protected":false},"author":1,"featured_media":0,"parent":0,"menu_order":1,"comment_status":"closed","ping_status":"closed","template":"","meta":{"footnotes":""},"class_list":["post-2","page","type-page","status-publish","hentry"],"_links":{"self":[{"href":"https:\/\/www.gunillajaehnichen.de\/index.php?rest_route=\/wp\/v2\/pages\/2","targetHints":{"allow":["GET"]}}],"collection":[{"href":"https:\/\/www.gunillajaehnichen.de\/index.php?rest_route=\/wp\/v2\/pages"}],"about":[{"href":"https:\/\/www.gunillajaehnichen.de\/index.php?rest_route=\/wp\/v2\/types\/page"}],"author":[{"embeddable":true,"href":"https:\/\/www.gunillajaehnichen.de\/index.php?rest_route=\/wp\/v2\/users\/1"}],"replies":[{"embeddable":true,"href":"https:\/\/www.gunillajaehnichen.de\/index.php?rest_route=%2Fwp%2Fv2%2Fcomments&post=2"}],"version-history":[{"count":769,"href":"https:\/\/www.gunillajaehnichen.de\/index.php?rest_route=\/wp\/v2\/pages\/2\/revisions"}],"predecessor-version":[{"id":4001,"href":"https:\/\/www.gunillajaehnichen.de\/index.php?rest_route=\/wp\/v2\/pages\/2\/revisions\/4001"}],"wp:attachment":[{"href":"https:\/\/www.gunillajaehnichen.de\/index.php?rest_route=%2Fwp%2Fv2%2Fmedia&parent=2"}],"curies":[{"name":"wp","href":"https:\/\/api.w.org\/{rel}","templated":true}]}}